{"id":55,"date":"2025-10-27T15:42:57","date_gmt":"2025-10-27T14:42:57","guid":{"rendered":"https:\/\/sc1mxog4881.universe.wf\/?page_id=55"},"modified":"2025-10-27T15:58:46","modified_gmt":"2025-10-27T14:58:46","slug":"expositions-personnelles","status":"publish","type":"page","link":"https:\/\/christinecoblentz.com\/?page_id=55","title":{"rendered":"Expositions personnelles"},"content":{"rendered":"\n\n\n<h3><span style=\"font-family:Arial;\">2024 : \u00ab&nbsp;Ni queue ni t\u00eate&nbsp;\u00bb,<br>du mercredi 6 au 23 novembre 2024<br>\u00e0 la M\u00e9diath\u00e8que de Crolles (38)<span><\/span><\/span><\/h3>\n<p><br>Ceci n\u2019est pas une r\u00e9trospective\u2026<br>Mais&nbsp; par cette pr\u00e9sentation tenter de rendre visible le fil&nbsp; qui accompagne mon travail depuis les ann\u00e9es 80 environ, sans l\u2019avoir d\u00e9fini clairement jusque l\u00e0.<br>Utilisation&nbsp; de mat\u00e9riaux du quotidien ou r\u00e9cup\u00e9r\u00e9s : ouate de cellulose,&nbsp; papier journal, anciens n\u00e9gatifs argentiques rat\u00e9s.<br>D\u00e9tournement du temps (agrafages), d\u00e9calages, illusion de la photo (m\u00e9tamorphosis) ambigu\u00eft\u00e9 dans la technique m\u00eame\u2026<br>photo ? gravure ? peinture ?<br>Juxtaposition de la r\u00e9alit\u00e9 et du r\u00eave\u2026<br>Pr\u00e9sent\u00e9s comme une sorte de puzzle.<br>Au spectateur de jouer s\u2019il en a envie.<br><em>Christine Coblentz 8 novembre 2024<br><br><\/em><\/p>\n<p><a href=\"images\/Coblentz_Invitation.pdf\" target=\"_blank\" rel=\"noopener noreferrer\">T\u00e9l\u00e9chargez l\u2019invitation en cliquant ici\u2026<\/a><\/p>\n<p><a href=\"2016_les_Affiches_ROUX_la_po%C3%A9tique_des_choses.pdf\" target=\"_blank\" rel=\"noopener noreferrer\">T\u00e9l\u00e9chargez l\u2019article des Affiches (de 2016 presse) en cliquant ici\u2026<\/a><\/p>\n<p><br><br><br>1980 \u2013 Inscription d\u2019un espace CRAC, Grenoble, Is\u00e8re<br><br> 1983 \u2013 Coutur\u00e9criture, Galerie David, Grenoble, Is\u00e8re<br><br> 1984 \u2013 Point 3384, Atelier fin de s\u00e9rie, Grenoble, Is\u00e8re<br><br> 1985 \u2013 Compl\u00e9ment d\u2019objet, Villard-Bonnot, Is\u00e8re<br><br> 1986 \u2013 Espaces non identifi\u00e9s, Mairie, Grenoble, Is\u00e8re<br><br> 1986 \u2013 Espaces non identifi\u00e9s, Mus\u00e9e des Ursulines, M\u00e2con, Sa\u00f4ne-et-Loire<br><br> 1989 \u2013 Etats de choses, Galerie Lydie Rekow, Lyon \u2013 Crest, Dr\u00f4me<br><br> 1990 \u2013 Aller-retour, Centre culturel Berriat, Grenoble<br><br> 1992 \u2013 Etats de choses 2, Mus\u00e9e H\u00e9bert, La Tronche, Is\u00e8re<br><br> 1992 \u2013 Is\u00e8re-Somme, passages, St Val\u00e9ry \/ Somme, Somme<br><br> 1993 \u2013 Accrochage, Hewlett Packard, Eybens \u2013 Isle d\u2019Abeau, Is\u00e8re<br><br> 1993 \u2013 Carri\u00e8re de B\u00e9doin\u2009: photographies, Galerie Lydie Rekow, Crest, Dr\u00f4me<br><br> 1994 \u2013 Maison des Carr\u00e9s, Annecy, Haute Savoie<br><br> 1995 \u2013 La Pyramide de Gypse de Mazan\u2009: photographies, Galerie Martagon Malauc\u00e8ne, Vaucluse<br><br> 1995 \u2013 Installation, Fort du Bruissin, Francheville le Haut, Rh\u00f4ne<br><br> 1995 \u2013 Autour de deux dessins, Galerie Lydie Rekow, Crest, Dr\u00f4me<br><br> 2000 \u2013 Des restes de l\u2019\u00e9t\u00e9, Claix, Is\u00e8re<br><br> 2001 \u2013 M\u00e9moires d\u2019un dessin, M\u00e9diath\u00e8que, Mont\u00e9limar, Dr\u00f4me<br><br> 2002 \u2013 M\u00e9moires de dessins, Galerie Novarte, Avignon, Vaucluse<br><br> 2002 \u2013 Photographies. Dessins, Galerie du Larith, Chamb\u00e9ry, Savoie<br><br> 2002 \u2013 Du dessin, Centre culturel du Belv\u00e9d\u00e8re, St Martin d\u2019Uriage, Is\u00e8re<br><br> 2003 \u2013 Accrochage, Banque de Savoie, Chamb\u00e9ry, Savoie<br><br> 2004 \u2013 Correspondances, Claix, Is\u00e8re<br><br> 2004 \u2013 Fin d\u2019une histoire, Valis\u00e8re, photographies, Mus\u00e9e de la Viscose Echirolles, Is\u00e8re<br><br> 2005 \u2013 Accrochage, Atelier Myriam Hathout, Fontaine, Is\u00e8re<br><br> 2006 \u2013 Histoires de poussi\u00e8res, Espace d\u2019art contemporain, St Vallier, Dr\u00f4me<br><br> 2006 \u2013 Suites et petits rangements, Galerie du Larith, Chamb\u00e9ry, Savoie<br><br> 2006 \u2013 Octobre \u00e0 la Grange, Chez Charles Payan, St-Sim\u00e9on de Bressieux, Is\u00e8re<br><br> 2007 \u2013 Quartier St Bruno\u2009: ann\u00e9e 80, photographies, Biblioth\u00e8que St Bruno, Grenoble, Is\u00e8re<br><br> 2007 \u2013 Etats de choses 4, Galerie du Cormoran, Pernes les Fontaines, Is\u00e8re<br><br> 2007 \u2013 Variations et impressions, Galerie municipale, Mourenx, Pyr\u00e9n\u00e9es<br><br> 2010 \u2013 \u00c9tats de choses (suite) Galerie Alter-Art, Grenoble, Is\u00e8re<br><br> 2012 \u2013 Photographies \u00ab&nbsp;D\u2019ici et d\u2019ailleurs&nbsp;\u00bb, Claix, Is\u00e8re<br><br> 2013 \u2013 2 points en avant 1 point en arri\u00e8re Espace Aragon Villard-Bonnot, Is\u00e8re<br><br> 2014 \u2013 \u00c9critures, Mairie et m\u00e9diath\u00e8que, Claix, Is\u00e8re<br><br> 2015 \u2013 Photographisme, Galerie Digimag, Grenoble, Is\u00e8re<br><br> 2016 \u2013 Droit d\u2019inventaire, la grange du Boissieu, La Buissi\u00e8re, Is\u00e8re<br><br> 2018 \u2013 Mirare, photographies, galerie Ex-Nihilo Grenoble, Is\u00e8re<br><br> 2019 \u2013 Photographies, 3 expos successives de 15 jours, galerie Ex-Nihilo Grenoble, Is\u00e8re<br><br> 2022 \u2013 Monotypes, La Veyrie, Bernin, Is\u00e8re<br><br>2023 \u2013 Photographies, galerie Ex-Nihilo Grenoble, Is\u00e8re<br><br><\/p>\n<p>2023 \u2013 du 24 ao\u00fbt au 10 septembre 2023 TRAVERSES hameau des Baux Vaucluse<br><br><\/p>\n<p>2024 \u2013 \u00e0 partir du Mercredi 06 Novembre 2024 NI QUEUE NI T\u00caTE m\u00e9diath\u00e8que de Crolles (38) <\/p>\n\n\n","protected":false},"excerpt":{"rendered":"","protected":false},"author":1,"featured_media":0,"parent":0,"menu_order":0,"comment_status":"closed","ping_status":"closed","template":"","meta":{"pagelayer_contact_templates":[],"_pagelayer_content":"","footnotes":""},"class_list":["post-55","page","type-page","status-publish","hentry"],"_links":{"self":[{"href":"https:\/\/christinecoblentz.com\/index.php?rest_route=\/wp\/v2\/pages\/55","targetHints":{"allow":["GET"]}}],"collection":[{"href":"https:\/\/christinecoblentz.com\/index.php?rest_route=\/wp\/v2\/pages"}],"about":[{"href":"https:\/\/christinecoblentz.com\/index.php?rest_route=\/wp\/v2\/types\/page"}],"author":[{"embeddable":true,"href":"https:\/\/christinecoblentz.com\/index.php?rest_route=\/wp\/v2\/users\/1"}],"replies":[{"embeddable":true,"href":"https:\/\/christinecoblentz.com\/index.php?rest_route=%2Fwp%2Fv2%2Fcomments&post=55"}],"version-history":[{"count":7,"href":"https:\/\/christinecoblentz.com\/index.php?rest_route=\/wp\/v2\/pages\/55\/revisions"}],"predecessor-version":[{"id":68,"href":"https:\/\/christinecoblentz.com\/index.php?rest_route=\/wp\/v2\/pages\/55\/revisions\/68"}],"wp:attachment":[{"href":"https:\/\/christinecoblentz.com\/index.php?rest_route=%2Fwp%2Fv2%2Fmedia&parent=55"}],"curies":[{"name":"wp","href":"https:\/\/api.w.org\/{rel}","templated":true}]}}